{"id":1493,"date":"2018-04-10T10:35:56","date_gmt":"2018-04-10T08:35:56","guid":{"rendered":"http:\/\/fsecsg.ummto.dz\/?page_id=1493"},"modified":"2023-02-28T14:35:24","modified_gmt":"2023-02-28T13:35:24","slug":"le-vice-doyen-charge-de-la-post-graduation-de-la-recherche-scientifique-et-des-relations-exterieures","status":"publish","type":"page","link":"https:\/\/www.ummto.dz\/fsecsg\/le-vice-doyen-charge-de-la-post-graduation-de-la-recherche-scientifique-et-des-relations-exterieures\/","title":{"rendered":"Le Vice Doyen charg\u00e9 de la post graduation, de la recherche scientifique et des relations  ext\u00e9rieures"},"content":{"rendered":"<p>[et_pb_section fb_built=\u00a0\u00bb1&Prime; _builder_version=\u00a0\u00bb4.19.5&Prime; _module_preset=\u00a0\u00bbdefault\u00a0\u00bb background_image=\u00a0\u00bbhttps:\/\/www.ummto.dz\/fsecsg\/wp-content\/uploads\/2023\/02\/vice-doyen-scaled.webp\u00a0\u00bb width=\u00a0\u00bb100%\u00a0\u00bb module_alignment=\u00a0\u00bbcenter\u00a0\u00bb min_height=\u00a0\u00bb400px\u00a0\u00bb custom_margin=\u00a0\u00bb||0px||false|false\u00a0\u00bb custom_padding=\u00a0\u00bb0px||0px||false|false\u00a0\u00bb top_divider_style=\u00a0\u00bbwave2&Prime; top_divider_color=\u00a0\u00bb#FFFFFF\u00a0\u00bb top_divider_arrangement=\u00a0\u00bbabove_content\u00a0\u00bb bottom_divider_style=\u00a0\u00bbwave2&Prime; bottom_divider_color=\u00a0\u00bb#FFFFFF\u00a0\u00bb bottom_divider_arrangement=\u00a0\u00bbabove_content\u00a0\u00bb global_colors_info=\u00a0\u00bb{}\u00a0\u00bb theme_builder_area=\u00a0\u00bbpost_content\u00a0\u00bb][et_pb_row _builder_version=\u00a0\u00bb4.16&Prime; _module_preset=\u00a0\u00bbdefault\u00a0\u00bb custom_margin=\u00a0\u00bb0px||||false|false\u00a0\u00bb custom_padding=\u00a0\u00bb200px||||false|false\u00a0\u00bb global_colors_info=\u00a0\u00bb{}\u00a0\u00bb theme_builder_area=\u00a0\u00bbpost_content\u00a0\u00bb][et_pb_column type=\u00a0\u00bb4_4&Prime; _builder_version=\u00a0\u00bb4.16&Prime; _module_preset=\u00a0\u00bbdefault\u00a0\u00bb global_colors_info=\u00a0\u00bb{}\u00a0\u00bb theme_builder_area=\u00a0\u00bbpost_content\u00a0\u00bb][et_pb_text _builder_version=\u00a0\u00bb4.20.0&Prime; _module_preset=\u00a0\u00bbdefault\u00a0\u00bb text_font=\u00a0\u00bb|700|||||||\u00a0\u00bb text_text_color=\u00a0\u00bb#000000&Prime; text_font_size=\u00a0\u00bb22px\u00a0\u00bb header_font=\u00a0\u00bbArtifika|700|||||||\u00a0\u00bb header_text_align=\u00a0\u00bbcenter\u00a0\u00bb header_text_color=\u00a0\u00bb#000000&Prime; header_letter_spacing=\u00a0\u00bb1px\u00a0\u00bb background_enable_color=\u00a0\u00bboff\u00a0\u00bb hover_enabled=\u00a0\u00bb0&Prime; header_text_shadow_style=\u00a0\u00bbpreset1&Prime; header_text_shadow_blur_strength=\u00a0\u00bb0em\u00a0\u00bb header_text_shadow_color=\u00a0\u00bb#0bc6ad\u00a0\u00bb global_colors_info=\u00a0\u00bb{}\u00a0\u00bb theme_builder_area=\u00a0\u00bbpost_content\u00a0\u00bb sticky_enabled=\u00a0\u00bb0&Prime;]<\/p>\n<h1 style=\"text-align: center;\"><span><strong>LeVice<span style=\"color: #0000ff;\"> <\/span>doyen charg\u00e9 de la post graduation, et la recherche scientifique et des relations exterieurs<\/strong><\/span><\/h1>\n<p>[\/et_pb_text][\/et_pb_column][\/et_pb_row][\/et_pb_section][et_pb_section fb_built=\u00a0\u00bb1&Prime; _builder_version=\u00a0\u00bb4.16&Prime; _module_preset=\u00a0\u00bbdefault\u00a0\u00bb custom_margin=\u00a0\u00bb0px||0px||false|false\u00a0\u00bb custom_padding=\u00a0\u00bb0px||0px||false|false\u00a0\u00bb global_colors_info=\u00a0\u00bb{}\u00a0\u00bb theme_builder_area=\u00a0\u00bbpost_content\u00a0\u00bb][et_pb_row column_structure=\u00a0\u00bb1_4,1_4,1_4,1_4&Prime; _builder_version=\u00a0\u00bb4.16&Prime; _module_preset=\u00a0\u00bbdefault\u00a0\u00bb custom_margin=\u00a0\u00bb0px||0px||false|false\u00a0\u00bb custom_padding=\u00a0\u00bb0px||0px||false|false\u00a0\u00bb global_colors_info=\u00a0\u00bb{}\u00a0\u00bb theme_builder_area=\u00a0\u00bbpost_content\u00a0\u00bb][et_pb_column type=\u00a0\u00bb1_4&Prime; _builder_version=\u00a0\u00bb4.16&Prime; _module_preset=\u00a0\u00bbdefault\u00a0\u00bb global_colors_info=\u00a0\u00bb{}\u00a0\u00bb theme_builder_area=\u00a0\u00bbpost_content\u00a0\u00bb][et_pb_image src=\u00a0\u00bbhttps:\/\/www.ummto.dz\/fsecsg\/wp-content\/uploads\/2021\/10\/dspace.webp\u00a0\u00bb title_text=\u00a0\u00bbdspace\u00a0\u00bb url=\u00a0\u00bbhttps:\/\/www.ummto.dz\/dspace\/\u00a0\u00bb _builder_version=\u00a0\u00bb4.16&Prime; _module_preset=\u00a0\u00bbdefault\u00a0\u00bb box_shadow_style=\u00a0\u00bbpreset1&Prime; global_colors_info=\u00a0\u00bb{}\u00a0\u00bb theme_builder_area=\u00a0\u00bbpost_content\u00a0\u00bb][\/et_pb_image][\/et_pb_column][et_pb_column type=\u00a0\u00bb1_4&Prime; _builder_version=\u00a0\u00bb4.16&Prime; _module_preset=\u00a0\u00bbdefault\u00a0\u00bb global_colors_info=\u00a0\u00bb{}\u00a0\u00bb theme_builder_area=\u00a0\u00bbpost_content\u00a0\u00bb][et_pb_image src=\u00a0\u00bbhttps:\/\/www.ummto.dz\/fsecsg\/wp-content\/uploads\/2021\/10\/moodle.webp\u00a0\u00bb title_text=\u00a0\u00bbmoodle\u00a0\u00bb url=\u00a0\u00bbhttps:\/\/teleensm.ummto.dz\/\u00a0\u00bb _builder_version=\u00a0\u00bb4.16&Prime; _module_preset=\u00a0\u00bbdefault\u00a0\u00bb box_shadow_style=\u00a0\u00bbpreset1&Prime; global_colors_info=\u00a0\u00bb{}\u00a0\u00bb theme_builder_area=\u00a0\u00bbpost_content\u00a0\u00bb][\/et_pb_image][\/et_pb_column][et_pb_column type=\u00a0\u00bb1_4&Prime; _builder_version=\u00a0\u00bb4.16&Prime; _module_preset=\u00a0\u00bbdefault\u00a0\u00bb global_colors_info=\u00a0\u00bb{}\u00a0\u00bb theme_builder_area=\u00a0\u00bbpost_content\u00a0\u00bb][et_pb_image src=\u00a0\u00bbhttps:\/\/www.ummto.dz\/fsecsg\/wp-content\/uploads\/2021\/10\/Revues.webp\u00a0\u00bb title_text=\u00a0\u00bbRevues\u00a0\u00bb url=\u00a0\u00bbhttp:\/\/revue.ummto.dz\/\u00a0\u00bb _builder_version=\u00a0\u00bb4.16&Prime; _module_preset=\u00a0\u00bbdefault\u00a0\u00bb box_shadow_style=\u00a0\u00bbpreset1&Prime; global_colors_info=\u00a0\u00bb{}\u00a0\u00bb theme_builder_area=\u00a0\u00bbpost_content\u00a0\u00bb][\/et_pb_image][\/et_pb_column][et_pb_column type=\u00a0\u00bb1_4&Prime; _builder_version=\u00a0\u00bb4.16&Prime; _module_preset=\u00a0\u00bbdefault\u00a0\u00bb global_colors_info=\u00a0\u00bb{}\u00a0\u00bb theme_builder_area=\u00a0\u00bbpost_content\u00a0\u00bb][et_pb_image src=\u00a0\u00bbhttps:\/\/www.ummto.dz\/fsecsg\/wp-content\/uploads\/2021\/10\/Mail-1.webp\u00a0\u00bb title_text=\u00a0\u00bbMail (1)\u00a0\u00bb url=\u00a0\u00bbhttps:\/\/www.ummto.dz\/messagerie-professionnelle\/\u00a0\u00bb _builder_version=\u00a0\u00bb4.16&Prime; _module_preset=\u00a0\u00bbdefault\u00a0\u00bb box_shadow_style=\u00a0\u00bbpreset1&Prime; global_colors_info=\u00a0\u00bb{}\u00a0\u00bb theme_builder_area=\u00a0\u00bbpost_content\u00a0\u00bb][\/et_pb_image][\/et_pb_column][\/et_pb_row][\/et_pb_section][et_pb_section fb_built=\u00a0\u00bb1&Prime; _builder_version=\u00a0\u00bb4.16&Prime; _module_preset=\u00a0\u00bbdefault\u00a0\u00bb custom_margin=\u00a0\u00bb||||false|false\u00a0\u00bb custom_padding=\u00a0\u00bb1px||0px||false|false\u00a0\u00bb global_colors_info=\u00a0\u00bb{}\u00a0\u00bb theme_builder_area=\u00a0\u00bbpost_content\u00a0\u00bb][et_pb_row column_structure=\u00a0\u00bb3_4,1_4&Prime; _builder_version=\u00a0\u00bb4.16&Prime; _module_preset=\u00a0\u00bbdefault\u00a0\u00bb global_colors_info=\u00a0\u00bb{}\u00a0\u00bb theme_builder_area=\u00a0\u00bbpost_content\u00a0\u00bb][et_pb_column type=\u00a0\u00bb3_4&Prime; _builder_version=\u00a0\u00bb4.16&Prime; _module_preset=\u00a0\u00bbdefault\u00a0\u00bb global_colors_info=\u00a0\u00bb{}\u00a0\u00bb theme_builder_area=\u00a0\u00bbpost_content\u00a0\u00bb][et_pb_text admin_label=\u00a0\u00bbText\u00a0\u00bb _builder_version=\u00a0\u00bb4.20.0&Prime; background_size=\u00a0\u00bbinitial\u00a0\u00bb background_position=\u00a0\u00bbtop_left\u00a0\u00bb background_repeat=\u00a0\u00bbrepeat\u00a0\u00bb hover_enabled=\u00a0\u00bb0&Prime; global_colors_info=\u00a0\u00bb{}\u00a0\u00bb locked=\u00a0\u00bboff\u00a0\u00bb theme_builder_area=\u00a0\u00bbpost_content\u00a0\u00bb sticky_enabled=\u00a0\u00bb0&Prime;]<\/p>\n<p><span style=\"color: #0000ff;\"><strong>Le Vice Doyen charg\u00e9 de la post graduation, de la recherche scientifique et des relations ext\u00e9rieures \u00e0 pour t\u00e2ches :<\/strong><\/span><\/p>\n<ul>\n<li><strong><span style=\"color: #000000;\">D\u2019 assurer le suivi du d\u00e9roulement des concours d\u2019acc\u00e8s \u00e0 la post-graduation ;<\/span><\/strong><\/li>\n<li><strong><span style=\"color: #000000;\">De prendre ou proposer les mesures n\u00e9cessaires pour assurer un bon fonctionnement des formations de post-graduation\u00a0;<\/span><\/strong><\/li>\n<li><strong><span style=\"color: #000000;\">De veiller au bon d\u00e9roulement des soutenances de m\u00e9moires et th\u00e8ses de post-graduation\u00a0;<\/span><\/strong><\/li>\n<li><strong><span style=\"color: #000000;\">De suivre les d\u00e9roulements des activit\u00e9s de recherche, <\/span><\/strong><\/li>\n<li><strong><span style=\"color: #000000;\">D\u2019 initier des actions de partenariat avec les secteurs socio-\u00e9conomiques\u00a0;<\/span><\/strong><\/li>\n<li><span style=\"color: #000000;\"><b>D \u2019initier des actions en vue de dynamiser et de renforcer la coop\u00e9ration inter-universitaire\u00a0nationale et internationale\u00a0;<\/b><\/span><\/li>\n<li><strong><span style=\"color: #000000;\">Mettre en \u0153uvre les programmes de perfectionnements et de recyclage des enseignants\u00a0;<\/span><\/strong><\/li>\n<li><strong><span style=\"color: #000000;\">D\u2019assurer le suivi du fonctionnement du conseil scientifique de la facult\u00e9 et conserver ses archives\u00a0;<\/span><\/strong><\/li>\n<\/ul>\n<p><strong><span style=\"color: #000000;\">Le Vice Doyen charg\u00e9 de la post graduation, de la recherche scientifique et des relations ext\u00e9rieures est assist\u00e9 par\u00a0:<\/span><\/strong><\/p>\n<ul>\n<li><strong><span style=\"color: #000000;\">Le Chef de service du suivi de la formation de post-graduation\u00a0;<\/span><\/strong><\/li>\n<li><strong><span style=\"color: #000000;\">Le Chef de service du suivi des activit\u00e9s de recherche\u00a0;<\/span><\/strong><\/li>\n<li><strong><span style=\"color: #000000;\">Le Che de service de la coop\u00e9ration et des relations ext\u00e9rieurs.<\/span><\/strong><\/li>\n<\/ul>\n<p><span style=\"text-decoration: underline; color: #0000ff;\"><span><strong>Le Chef de d\u00e9partement adjoint charg\u00e9 de la post graduation et de la recherche scientifique \u00e0 pour t\u00e2che :<\/strong><\/span><\/span><\/p>\n<ul>\n<li><strong><span style=\"color: #000000;\">De veiller au bon d\u00e9roulement des enseignements de post-graduation\u00a0;<\/span><\/strong><\/li>\n<li><strong><span style=\"color: #000000;\">De veiller au bon d\u00e9roulement des formations de post-graduation\u00a0;<\/span><\/strong><\/li>\n<li><strong><span style=\"color: #000000;\">Assurer le suivi des activit\u00e9s de recherche\u00a0;<\/span><\/strong><\/li>\n<li><strong><span style=\"color: #000000;\">Assurer le suivi du fonctionnement du comit\u00e9 scientifique de d\u00e9partement\u00a0;<\/span><\/strong><\/li>\n<\/ul>\n<p><strong><span style=\"color: #000000;\">Il est assist\u00e9 par\u00a0:<\/span><\/strong><\/p>\n<ul>\n<li><strong><span style=\"color: #000000;\">Le Chef de service de la formation sup\u00e9rieure de post-graduation et de la post &#8211; graduation sp\u00e9cialis\u00e9e\u00a0;<\/span><\/strong><\/li>\n<li><strong><span style=\"color: #000000;\">Le Chef de service du suivi des activit\u00e9s de recherche.<\/span><\/strong><\/li>\n<\/ul>\n<p><strong><span style=\"color: #000000;\">\u00a0<\/span><\/strong><\/p>\n<p><strong><span style=\"color: #000000;\">\u00a0<\/span><\/strong><\/p>\n<p>[\/et_pb_text][\/et_pb_column][et_pb_column type=\u00a0\u00bb1_4&Prime; _builder_version=\u00a0\u00bb4.16&Prime; _module_preset=\u00a0\u00bbdefault\u00a0\u00bb global_colors_info=\u00a0\u00bb{}\u00a0\u00bb theme_builder_area=\u00a0\u00bbpost_content\u00a0\u00bb][et_pb_image src=\u00a0\u00bbhttps:\/\/www.ummto.dz\/fsecsg\/wp-content\/uploads\/2021\/10\/Laboratoires.webp\u00a0\u00bb title_text=\u00a0\u00bbLaboratoires\u00a0\u00bb url=\u00a0\u00bbhttps:\/\/www.ummto.dz\/fsecsg\/laboratoires-de-recherche\/\u00a0\u00bb _builder_version=\u00a0\u00bb4.16&Prime; _module_preset=\u00a0\u00bbdefault\u00a0\u00bb box_shadow_style=\u00a0\u00bbpreset1&Prime; global_colors_info=\u00a0\u00bb{}\u00a0\u00bb theme_builder_area=\u00a0\u00bbpost_content\u00a0\u00bb][\/et_pb_image][et_pb_image src=\u00a0\u00bbhttps:\/\/www.ummto.dz\/fsecsg\/wp-content\/uploads\/2021\/10\/BU.webp\u00a0\u00bb title_text=\u00a0\u00bbBU\u00a0\u00bb url=\u00a0\u00bbhttps:\/\/www.ummto.dz\/bibliotheque\/\u00a0\u00bb _builder_version=\u00a0\u00bb4.16&Prime; _module_preset=\u00a0\u00bbdefault\u00a0\u00bb box_shadow_style=\u00a0\u00bbpreset1&Prime; global_colors_info=\u00a0\u00bb{}\u00a0\u00bb theme_builder_area=\u00a0\u00bbpost_content\u00a0\u00bb][\/et_pb_image][et_pb_image src=\u00a0\u00bbhttps:\/\/www.ummto.dz\/fsecsg\/wp-content\/uploads\/2021\/10\/erasmus-.jpg\u00a0\u00bb title_text=\u00a0\u00bberasmus-\u00a0\u00bb url=\u00a0\u00bbhttps:\/\/www.ummto.dz\/category\/erasmus\/\u00a0\u00bb _builder_version=\u00a0\u00bb4.16&Prime; _module_preset=\u00a0\u00bbdefault\u00a0\u00bb box_shadow_style=\u00a0\u00bbpreset1&Prime; global_colors_info=\u00a0\u00bb{}\u00a0\u00bb theme_builder_area=\u00a0\u00bbpost_content\u00a0\u00bb][\/et_pb_image][et_pb_image src=\u00a0\u00bbhttps:\/\/www.ummto.dz\/fsecsg\/wp-content\/uploads\/2021\/10\/Scholar.webp\u00a0\u00bb title_text=\u00a0\u00bbScholar\u00a0\u00bb url=\u00a0\u00bbhttps:\/\/scholar.google.com\/\u00a0\u00bb _builder_version=\u00a0\u00bb4.16&Prime; _module_preset=\u00a0\u00bbdefault\u00a0\u00bb box_shadow_style=\u00a0\u00bbpreset1&Prime; global_colors_info=\u00a0\u00bb{}\u00a0\u00bb theme_builder_area=\u00a0\u00bbpost_content\u00a0\u00bb][\/et_pb_image][et_pb_image src=\u00a0\u00bbhttps:\/\/www.ummto.dz\/fsecsg\/wp-content\/uploads\/2021\/10\/ResearchGate-1.webp\u00a0\u00bb title_text=\u00a0\u00bbResearchGate-1&Prime; url=\u00a0\u00bbhttps:\/\/www.researchgate.net\/institution\/Universite-Mouloud-Mammeri-de-Tizi-Ouzou\u00a0\u00bb _builder_version=\u00a0\u00bb4.16&Prime; _module_preset=\u00a0\u00bbdefault\u00a0\u00bb box_shadow_style=\u00a0\u00bbpreset1&Prime; global_colors_info=\u00a0\u00bb{}\u00a0\u00bb theme_builder_area=\u00a0\u00bbpost_content\u00a0\u00bb][\/et_pb_image][et_pb_image src=\u00a0\u00bbhttps:\/\/www.ummto.dz\/fsecsg\/wp-content\/uploads\/2021\/10\/S.N.D.L.webp\u00a0\u00bb title_text=\u00a0\u00bbS.N.D.L\u00a0\u00bb url=\u00a0\u00bbhttps:\/\/www.sndl.cerist.dz\/\u00a0\u00bb _builder_version=\u00a0\u00bb4.16&Prime; _module_preset=\u00a0\u00bbdefault\u00a0\u00bb box_shadow_style=\u00a0\u00bbpreset1&Prime; global_colors_info=\u00a0\u00bb{}\u00a0\u00bb theme_builder_area=\u00a0\u00bbpost_content\u00a0\u00bb][\/et_pb_image][\/et_pb_column][\/et_pb_row][\/et_pb_section]<\/p>\n","protected":false},"excerpt":{"rendered":"<p>LeVice doyen charg\u00e9 de la post graduation, et la recherche scientifique et des relations exterieursLe Vice Doyen charg\u00e9 de la post graduation, de la recherche scientifique et des relations ext\u00e9rieures \u00e0 pour t\u00e2ches : D\u2019 assurer le suivi du d\u00e9roulement des concours d\u2019acc\u00e8s \u00e0 la post-graduation ; De prendre ou proposer les mesures n\u00e9cessaires pour [&hellip;]<\/p>\n","protected":false},"author":1,"featured_media":0,"parent":0,"menu_order":0,"comment_status":"closed","ping_status":"closed","template":"","meta":{"_et_pb_use_builder":"on","_et_pb_old_content":"<span style=\"color: #0000ff\"><strong>Le Vice Doyen charg\u00e9 de la post graduation, de la recherche scientifique et des relations\u00a0 ext\u00e9rieures \u00e0 pour t\u00e2ches\u00a0:<\/strong><\/span>\n<ul>\n \t<li><span style=\"color: #000000\">D\u2019 assurer le suivi du d\u00e9roulement des concours d\u2019acc\u00e8s \u00e0 la post-graduation\u00a0;<img class=\"alignnone wp-image-1548 alignright\" src=\"http:\/\/fsecsg.ummto.dz\/wp-content\/uploads\/2018\/04\/index-12.jpg\" alt=\"\" width=\"260\" height=\"136\" \/><\/span><\/li>\n \t<li><span style=\"color: #000000\">De prendre ou proposer les mesures n\u00e9cessaires pour assurer un bon fonctionnement des formations de post-graduation\u00a0;<\/span><\/li>\n \t<li><span style=\"color: #000000\">De veiller au bon d\u00e9roulement des soutenances de m\u00e9moires et th\u00e8ses de post-graduation\u00a0;<\/span><\/li>\n \t<li><span style=\"color: #000000\">De suivre les d\u00e9roulements des activit\u00e9s de recherche, <\/span><\/li>\n \t<li><span style=\"color: #000000\">D\u2019 initier des actions de partenariat avec les secteurs socio-\u00e9conomiques\u00a0;<\/span><\/li>\n \t<li><span style=\"color: #000000\">D \u2019initier des actions en vue de dynamiser et de renforcer la coop\u00e9ration interuniversitaire nationale et internationale\u00a0;<\/span><\/li>\n \t<li><span style=\"color: #000000\">Mettre en \u0153uvre les programmes de perfectionnements et de recyclage des enseignants\u00a0;<\/span><\/li>\n \t<li><span style=\"color: #000000\">D\u2019assurer le suivi du fonctionnement du conseil scientifique de la facult\u00e9 et conserver ses archives\u00a0;<\/span><\/li>\n<\/ul>\n<span style=\"color: #000000\">Le Vice Doyen charg\u00e9 de la post graduation, de la recherche scientifique et des relations ext\u00e9rieures est assist\u00e9 par\u00a0:<\/span>\n<ul>\n \t<li><span style=\"color: #000000\">Le Chef de service du suivi de la formation de post-graduation\u00a0;<\/span><\/li>\n \t<li><span style=\"color: #000000\">Le Chef de service du suivi des activit\u00e9s de recherche\u00a0;<\/span><\/li>\n \t<li><span style=\"color: #000000\">Le Che de service de la coop\u00e9ration et des relations ext\u00e9rieurs.<\/span><\/li>\n<\/ul>\n<span style=\"text-decoration: underline;color: #0000ff\"><span style=\"text-decoration: underline\"><strong>Le Chef de d\u00e9partement adjoint charg\u00e9 de la post graduation et de la recherche scientifique \u00e0 pour t\u00e2che :<\/strong><\/span><\/span>\n<ul>\n \t<li><span style=\"color: #000000\">De veiller au bon d\u00e9roulement des enseignements de post-graduation\u00a0;<\/span><\/li>\n \t<li><span style=\"color: #000000\">De veiller au bon d\u00e9roulement des formations de post-graduation\u00a0;<\/span><\/li>\n \t<li><span style=\"color: #000000\">Assurer le suivi des activit\u00e9s de recherche\u00a0;<\/span><\/li>\n \t<li><span style=\"color: #000000\">Assurer le suivi du fonctionnement du comit\u00e9 scientifique de d\u00e9partement\u00a0;<\/span><\/li>\n<\/ul>\n<span style=\"color: #000000\">Il est assist\u00e9 par\u00a0:<\/span>\n<ul>\n \t<li><span style=\"color: #000000\">Le Chef de service de la formation sup\u00e9rieure de post-graduation et de la post - graduation sp\u00e9cialis\u00e9e\u00a0;<\/span><\/li>\n \t<li><span style=\"color: #000000\">Le Chef de service du suivi des activit\u00e9s de recherche.<\/span><\/li>\n<\/ul>\n<span style=\"color: #000000\">\u00a0<\/span>\n\n<strong>\u00a0<\/strong>","_et_gb_content_width":"","footnotes":""},"class_list":["post-1493","page","type-page","status-publish","hentry"],"yoast_head":"<!-- This site is optimized with the Yoast SEO plugin v27.3 - https:\/\/yoast.com\/product\/yoast-seo-wordpress\/ -->\n<title>Le Vice Doyen charg\u00e9 de la post graduation, de la recherche scientifique et des relations ext\u00e9rieures - Facult\u00e9 des Sciences Economiques, Commerciales et des Sciences de Gestion<\/title>\n<meta name=\"robots\" content=\"index, follow, max-snippet:-1, max-image-preview:large, max-video-preview:-1\" \/>\n<link rel=\"canonical\" href=\"https:\/\/www.ummto.dz\/fsecsg\/le-vice-doyen-charge-de-la-post-graduation-de-la-recherche-scientifique-et-des-relations-exterieures\/\" \/>\n<meta property=\"og:locale\" content=\"fr_FR\" \/>\n<meta property=\"og:type\" content=\"article\" \/>\n<meta property=\"og:title\" content=\"Le Vice Doyen charg\u00e9 de la post graduation, de la recherche scientifique et des relations ext\u00e9rieures - Facult\u00e9 des Sciences Economiques, Commerciales et des Sciences de Gestion\" \/>\n<meta property=\"og:description\" content=\"LeVice doyen charg\u00e9 de la post graduation, et la recherche scientifique et des relations exterieursLe Vice Doyen charg\u00e9 de la post graduation, de la recherche scientifique et des relations ext\u00e9rieures \u00e0 pour t\u00e2ches : D\u2019 assurer le suivi du d\u00e9roulement des concours d\u2019acc\u00e8s \u00e0 la post-graduation ; De prendre ou proposer les mesures n\u00e9cessaires pour [&hellip;]\" \/>\n<meta property=\"og:url\" content=\"https:\/\/www.ummto.dz\/fsecsg\/le-vice-doyen-charge-de-la-post-graduation-de-la-recherche-scientifique-et-des-relations-exterieures\/\" \/>\n<meta property=\"og:site_name\" content=\"Facult\u00e9 des Sciences Economiques, Commerciales et des Sciences de Gestion\" \/>\n<meta property=\"article:modified_time\" content=\"2023-02-28T13:35:24+00:00\" \/>\n<meta name=\"twitter:card\" content=\"summary_large_image\" \/>\n<meta name=\"twitter:label1\" content=\"Dur\u00e9e de lecture estim\u00e9e\" \/>\n\t<meta name=\"twitter:data1\" content=\"2 minutes\" \/>\n<script type=\"application\/ld+json\" class=\"yoast-schema-graph\">{\"@context\":\"https:\\\/\\\/schema.org\",\"@graph\":[{\"@type\":\"WebPage\",\"@id\":\"https:\\\/\\\/www.ummto.dz\\\/fsecsg\\\/le-vice-doyen-charge-de-la-post-graduation-de-la-recherche-scientifique-et-des-relations-exterieures\\\/\",\"url\":\"https:\\\/\\\/www.ummto.dz\\\/fsecsg\\\/le-vice-doyen-charge-de-la-post-graduation-de-la-recherche-scientifique-et-des-relations-exterieures\\\/\",\"name\":\"Le Vice Doyen charg\u00e9 de la post graduation, de la recherche scientifique et des relations ext\u00e9rieures - Facult\u00e9 des Sciences Economiques, Commerciales et des Sciences de Gestion\",\"isPartOf\":{\"@id\":\"https:\\\/\\\/www.ummto.dz\\\/fsecsg\\\/#website\"},\"datePublished\":\"2018-04-10T08:35:56+00:00\",\"dateModified\":\"2023-02-28T13:35:24+00:00\",\"breadcrumb\":{\"@id\":\"https:\\\/\\\/www.ummto.dz\\\/fsecsg\\\/le-vice-doyen-charge-de-la-post-graduation-de-la-recherche-scientifique-et-des-relations-exterieures\\\/#breadcrumb\"},\"inLanguage\":\"fr-FR\",\"potentialAction\":[{\"@type\":\"ReadAction\",\"target\":[\"https:\\\/\\\/www.ummto.dz\\\/fsecsg\\\/le-vice-doyen-charge-de-la-post-graduation-de-la-recherche-scientifique-et-des-relations-exterieures\\\/\"]}]},{\"@type\":\"BreadcrumbList\",\"@id\":\"https:\\\/\\\/www.ummto.dz\\\/fsecsg\\\/le-vice-doyen-charge-de-la-post-graduation-de-la-recherche-scientifique-et-des-relations-exterieures\\\/#breadcrumb\",\"itemListElement\":[{\"@type\":\"ListItem\",\"position\":1,\"name\":\"Accueil\",\"item\":\"https:\\\/\\\/www.ummto.dz\\\/fsecsg\\\/\"},{\"@type\":\"ListItem\",\"position\":2,\"name\":\"Le Vice Doyen charg\u00e9 de la post graduation, de la recherche scientifique et des relations ext\u00e9rieures\"}]},{\"@type\":\"WebSite\",\"@id\":\"https:\\\/\\\/www.ummto.dz\\\/fsecsg\\\/#website\",\"url\":\"https:\\\/\\\/www.ummto.dz\\\/fsecsg\\\/\",\"name\":\"Facult\u00e9 des Sciences Economiques, Commerciales et des Sciences de Gestion\",\"description\":\"Universit\u00e9 Mouloud Mammeri de Tizi Ouzou\",\"potentialAction\":[{\"@type\":\"SearchAction\",\"target\":{\"@type\":\"EntryPoint\",\"urlTemplate\":\"https:\\\/\\\/www.ummto.dz\\\/fsecsg\\\/?s={search_term_string}\"},\"query-input\":{\"@type\":\"PropertyValueSpecification\",\"valueRequired\":true,\"valueName\":\"search_term_string\"}}],\"inLanguage\":\"fr-FR\"}]}<\/script>\n<!-- \/ Yoast SEO plugin. -->","yoast_head_json":{"title":"Le Vice Doyen charg\u00e9 de la post graduation, de la recherche scientifique et des relations ext\u00e9rieures - Facult\u00e9 des Sciences Economiques, Commerciales et des Sciences de Gestion","robots":{"index":"index","follow":"follow","max-snippet":"max-snippet:-1","max-image-preview":"max-image-preview:large","max-video-preview":"max-video-preview:-1"},"canonical":"https:\/\/www.ummto.dz\/fsecsg\/le-vice-doyen-charge-de-la-post-graduation-de-la-recherche-scientifique-et-des-relations-exterieures\/","og_locale":"fr_FR","og_type":"article","og_title":"Le Vice Doyen charg\u00e9 de la post graduation, de la recherche scientifique et des relations ext\u00e9rieures - Facult\u00e9 des Sciences Economiques, Commerciales et des Sciences de Gestion","og_description":"LeVice doyen charg\u00e9 de la post graduation, et la recherche scientifique et des relations exterieursLe Vice Doyen charg\u00e9 de la post graduation, de la recherche scientifique et des relations ext\u00e9rieures \u00e0 pour t\u00e2ches : D\u2019 assurer le suivi du d\u00e9roulement des concours d\u2019acc\u00e8s \u00e0 la post-graduation ; De prendre ou proposer les mesures n\u00e9cessaires pour [&hellip;]","og_url":"https:\/\/www.ummto.dz\/fsecsg\/le-vice-doyen-charge-de-la-post-graduation-de-la-recherche-scientifique-et-des-relations-exterieures\/","og_site_name":"Facult\u00e9 des Sciences Economiques, Commerciales et des Sciences de Gestion","article_modified_time":"2023-02-28T13:35:24+00:00","twitter_card":"summary_large_image","twitter_misc":{"Dur\u00e9e de lecture estim\u00e9e":"2 minutes"},"schema":{"@context":"https:\/\/schema.org","@graph":[{"@type":"WebPage","@id":"https:\/\/www.ummto.dz\/fsecsg\/le-vice-doyen-charge-de-la-post-graduation-de-la-recherche-scientifique-et-des-relations-exterieures\/","url":"https:\/\/www.ummto.dz\/fsecsg\/le-vice-doyen-charge-de-la-post-graduation-de-la-recherche-scientifique-et-des-relations-exterieures\/","name":"Le Vice Doyen charg\u00e9 de la post graduation, de la recherche scientifique et des relations ext\u00e9rieures - Facult\u00e9 des Sciences Economiques, Commerciales et des Sciences de Gestion","isPartOf":{"@id":"https:\/\/www.ummto.dz\/fsecsg\/#website"},"datePublished":"2018-04-10T08:35:56+00:00","dateModified":"2023-02-28T13:35:24+00:00","breadcrumb":{"@id":"https:\/\/www.ummto.dz\/fsecsg\/le-vice-doyen-charge-de-la-post-graduation-de-la-recherche-scientifique-et-des-relations-exterieures\/#breadcrumb"},"inLanguage":"fr-FR","potentialAction":[{"@type":"ReadAction","target":["https:\/\/www.ummto.dz\/fsecsg\/le-vice-doyen-charge-de-la-post-graduation-de-la-recherche-scientifique-et-des-relations-exterieures\/"]}]},{"@type":"BreadcrumbList","@id":"https:\/\/www.ummto.dz\/fsecsg\/le-vice-doyen-charge-de-la-post-graduation-de-la-recherche-scientifique-et-des-relations-exterieures\/#breadcrumb","itemListElement":[{"@type":"ListItem","position":1,"name":"Accueil","item":"https:\/\/www.ummto.dz\/fsecsg\/"},{"@type":"ListItem","position":2,"name":"Le Vice Doyen charg\u00e9 de la post graduation, de la recherche scientifique et des relations ext\u00e9rieures"}]},{"@type":"WebSite","@id":"https:\/\/www.ummto.dz\/fsecsg\/#website","url":"https:\/\/www.ummto.dz\/fsecsg\/","name":"Facult\u00e9 des Sciences Economiques, Commerciales et des Sciences de Gestion","description":"Universit\u00e9 Mouloud Mammeri de Tizi Ouzou","potentialAction":[{"@type":"SearchAction","target":{"@type":"EntryPoint","urlTemplate":"https:\/\/www.ummto.dz\/fsecsg\/?s={search_term_string}"},"query-input":{"@type":"PropertyValueSpecification","valueRequired":true,"valueName":"search_term_string"}}],"inLanguage":"fr-FR"}]}},"_links":{"self":[{"href":"https:\/\/www.ummto.dz\/fsecsg\/wp-json\/wp\/v2\/pages\/1493","targetHints":{"allow":["GET"]}}],"collection":[{"href":"https:\/\/www.ummto.dz\/fsecsg\/wp-json\/wp\/v2\/pages"}],"about":[{"href":"https:\/\/www.ummto.dz\/fsecsg\/wp-json\/wp\/v2\/types\/page"}],"author":[{"embeddable":true,"href":"https:\/\/www.ummto.dz\/fsecsg\/wp-json\/wp\/v2\/users\/1"}],"replies":[{"embeddable":true,"href":"https:\/\/www.ummto.dz\/fsecsg\/wp-json\/wp\/v2\/comments?post=1493"}],"version-history":[{"count":18,"href":"https:\/\/www.ummto.dz\/fsecsg\/wp-json\/wp\/v2\/pages\/1493\/revisions"}],"predecessor-version":[{"id":72139,"href":"https:\/\/www.ummto.dz\/fsecsg\/wp-json\/wp\/v2\/pages\/1493\/revisions\/72139"}],"wp:attachment":[{"href":"https:\/\/www.ummto.dz\/fsecsg\/wp-json\/wp\/v2\/media?parent=1493"}],"curies":[{"name":"wp","href":"https:\/\/api.w.org\/{rel}","templated":true}]}}