{"id":41230,"date":"2021-06-13T19:04:21","date_gmt":"2021-06-13T17:04:21","guid":{"rendered":"http:\/\/fsecsg.ummto.dz\/?page_id=41230"},"modified":"2021-11-01T12:54:58","modified_gmt":"2021-11-01T11:54:58","slug":"20-2","status":"publish","type":"page","link":"https:\/\/www.ummto.dz\/fsecsg\/20-2\/","title":{"rendered":"20"},"content":{"rendered":"<p><a href=\"https:\/\/www.ummto.dz\/fsecsg\/wp-content\/uploads\/2021\/10\/2ere-annee-2021dettes-1.pdf\"><span style=\"color: #000000\"><span style=\"font-size: 14pt;font-family: 'arial black', sans-serif\"><strong>Planning des examens de dettes 2\u00e8me session S3 et S4\u00a0 L2<\/strong><\/span><\/span><\/a><\/p>\n<p><b style=\"color: #000000;font-family: 'arial black', sans-serif;font-size: 14pt\"><strong><span style=\"text-decoration: underline\"><span style=\"color: #0000ff;font-family: 'arial black', sans-serif;text-decoration: underline\"><span style=\"font-size: 18.6667px\"><span style=\"color: #000000;text-decoration: underline\"><span style=\"font-size: 14pt\"><img decoding=\"async\" class=\"size-full wp-image-31467 alignnone\" src=\"http:\/\/fsecsg.ummto.dz\/wp-content\/uploads\/2020\/12\/rubon7903-ed895.gif\" alt=\"\" width=\"55\" height=\"55\" srcset=\"https:\/\/www.ummto.dz\/fsecsg\/wp-content\/uploads\/2020\/12\/rubon7903-ed895.gif 55w, https:\/\/www.ummto.dz\/fsecsg\/wp-content\/uploads\/2020\/12\/rubon7903-ed895-45x45.gif 45w\" sizes=\"(max-width: 55px) 100vw, 55px\" \/><\/span><\/span><\/span><\/span><\/span><\/strong>Avis aux <\/b><span style=\"color: #000000;font-family: arial black, sans-serif\"><span style=\"font-size: 18.6667px\"><b>\u00e9tudiants<\/b><\/span><\/span><b style=\"color: #000000;font-family: 'arial black', sans-serif;font-size: 14pt\"> de <span style=\"color: #0000ff\">2\u00e8me <\/span><\/b><span style=\"color: #0000ff\"><span style=\"color: #000000;font-family: arial black, sans-serif\"><span style=\"font-size: 18.6667px\"><b>ann\u00e9e<\/b><\/span><\/span><\/span><b style=\"color: #000000;font-family: 'arial black', sans-serif;font-size: 14pt\"><span style=\"color: #0000ff\">\u00a0sciences commerciales<\/span>:Les <span style=\"color: #ff0000\">examens de rattrapage<\/span> sont programmes \u00e0 <span style=\"color: #ff0000\">11h00<\/span> au lieu de <span style=\"color: #ff0000\">10h00<\/span>,<\/b><span style=\"color: #008000\"><span style=\"color: #000000;font-family: arial black, sans-serif\"><span style=\"font-size: 18.6667px\"><b>m\u00eames<\/b><\/span><\/span><b style=\"font-family: 'arial black', sans-serif;font-size: 14pt\"> lieux.<\/b><\/span><\/p>\n<p><span style=\"font-size: 14pt;font-family: 'arial black', sans-serif;color: #000000\"><strong><strong style=\"color: #000000\"><span style=\"color: #ff0000\"><img decoding=\"async\" class=\" wp-image-43459 alignleft\" src=\"http:\/\/fsecsg.ummto.dz\/wp-content\/uploads\/2021\/09\/examen-algemeen-320x320-1-150x104.jpg\" alt=\"\" width=\"125\" height=\"87\" \/><\/span><\/strong><\/strong><\/span><\/p>\n<p><span style=\"color: #000000\"><a style=\"color: #000000\" href=\"http:\/\/fsecsg.ummto.dz\/wp-content\/uploads\/2021\/10\/2021-Rattrapage-_1_.pdf\"><span style=\"font-size: 14pt;font-family: 'arial black', sans-serif\"><strong><span style=\"color: #ff0000\">Examen de rattrapage<\/span> aux \u00e9tudiants de<span style=\"color: #0000ff\"> 2\u00e8me ann\u00e9e LMD Section B<\/span> <span style=\"color: #ff0000\">Module Anglais<\/span> (le d\u00e9lai de d\u00e9p\u00f4t est fix\u00e9 pour le <span style=\"color: #ff0000\">12\/10\/2021<\/span> \u00e0 <span style=\"color: #ff0000\">12h00<\/span> \u00e0 la salle des enseignants)<\/strong><\/span><\/a><\/span><\/p>\n<p>&nbsp;<\/p>\n<p><span style=\"color: #000000;font-size: 14pt;font-family: 'arial black', sans-serif\"><a style=\"color: #000000\" href=\"http:\/\/fsecsg.ummto.dz\/wp-content\/uploads\/2021\/10\/Ratt-L2.pdf\"><strong>Planning des <span style=\"color: #0000ff\">examens de rattrapage S3 et S4<\/span> aux \u00e9tudiants de 2\u00e8me ann\u00e9e LMD du <span style=\"color: #ff0000\">Dimanche 10\/10\/2021<\/span> au <span style=\"color: #ff0000\">Jeudi 21\/10\/2021<\/span><\/strong><\/a><\/span><\/p>\n<p>&nbsp;<\/p>\n<div>\n<p><span style=\"color: #000000;font-size: 14pt;font-family: 'arial black', sans-serif\"><strong><span style=\"color: #000000\"><span style=\"font-size: 14pt;font-family: 'arial black', sans-serif\"><span style=\"font-family: 'arial black', sans-serif;color: #000000\"><span style=\"font-size: 14pt\"><img decoding=\"async\" class=\"wp-image-43459 alignleft\" src=\"http:\/\/fsecsg.ummto.dz\/wp-content\/uploads\/2021\/09\/examen-algemeen-320x320-1-150x104.jpg\" alt=\"\" width=\"170\" height=\"118\" \/><\/span><\/span><\/span><\/span><\/strong><a style=\"color: #000000\" href=\"http:\/\/fsecsg.ummto.dz\/wp-content\/uploads\/2021\/09\/remplacement-L2.pdf\"><strong>Planning des <span style=\"color: #0000ff\">examens de remplacement <\/span><\/strong><\/a><strong><a style=\"color: #000000\" href=\"http:\/\/fsecsg.ummto.dz\/wp-content\/uploads\/2021\/09\/remplacement-L2.pdf\"><span style=\"color: #ff0000\">S3 et S4<\/span><\/a><\/strong><a style=\"color: #000000\" href=\"http:\/\/fsecsg.ummto.dz\/wp-content\/uploads\/2021\/09\/remplacement-L2.pdf\"><strong> aux \u00e9tudiants de <\/strong><strong><span style=\"color: #ff0000\">2<sup>\u00e8me<\/sup> Ann\u00e9e<\/span>\u00a0 du <span style=\"color: #ff0000\">Dimanche 03\/10\/2021<\/span> au <span style=\"color: #ff0000\">Mercredi 06\/10\/2021<\/span>.<\/strong><\/a><\/span><\/p>\n<\/div>\n<p>&nbsp;<\/p>\n<p>&nbsp;<\/p>\n<p class=\"post-title entry-title\"><span style=\"color: #000000\"><span style=\"font-family: 'arial black', sans-serif\"><strong><span style=\"font-size: 14pt\"><b><img decoding=\"async\" class=\"wp-image-24431 alignleft\" src=\"http:\/\/fsecsg.ummto.dz\/wp-content\/uploads\/2020\/09\/telechargement-1-300x162.jpg\" alt=\"\" width=\"148\" height=\"80\" srcset=\"https:\/\/www.ummto.dz\/fsecsg\/wp-content\/uploads\/2020\/09\/telechargement-1-300x162.jpg 300w, https:\/\/www.ummto.dz\/fsecsg\/wp-content\/uploads\/2020\/09\/telechargement-1.jpg 306w\" sizes=\"(max-width: 148px) 100vw, 148px\" \/><\/b><\/span><\/strong><\/span><a href=\"http:\/\/fsecsg.ummto.dz\/travaux-de-recherche-dettes-1ere-annee-lmd-aux-etudiants-concernes-de-2eme-annee-lmd-et-3eme-annee-lmd-la-date-de-depot-est-fixe-pour-le-mercredi-15-09-2021-aux-etudiants-de-sciences-commerciales-po\/\"><span style=\"font-family: 'arial black', sans-serif\"><strong><span style=\"font-size: 14pt\"><span style=\"color: #000000\">Travaux de recherche <span style=\"color: #ff0000\">DETTES 1\u00e8re Ann\u00e9e LMD<\/span> aux \u00e9tudiants concern\u00e9s de <span style=\"color: #0000ff\">2\u00e8me Ann\u00e9e LMD et 3\u00e8me Ann\u00e9e LMD <\/span>: La date de d\u00e9p\u00f4t est fix\u00e9 pour le <span style=\"color: #ff0000\">Mercredi 15\/09\/2021<\/span> au niveau du d\u00e9partement.<\/span><\/span><\/strong><\/span><\/a><\/span><\/p>\n<p><span style=\"color: #000000\"><a style=\"color: #000000\" href=\"http:\/\/fsecsg.ummto.dz\/wp-content\/uploads\/2021\/09\/Planning-des-examens-dettes-2eme-LMD-S3S4-_1_.pdf\"><span style=\"font-family: 'arial black', sans-serif\"><strong><span style=\"font-size: 14pt\">Nouveau<\/span><\/strong><\/span> <span style=\"font-family: 'arial black', sans-serif\"><strong><span style=\"font-size: 14pt\">Planning des examens de <span style=\"color: #ff0000\">dettes 2\u00e8me Ann\u00e9e<\/span> LMD (S3 et S4)\u00a0<\/span><\/strong><\/span><\/a><\/span><\/p>\n<p><span style=\"color: #000000\"><a style=\"color: #000000\" href=\"http:\/\/fsecsg.ummto.dz\/wp-content\/uploads\/2021\/09\/Planning-des-examens-2eme-LMD-S4.pdf\"><span style=\"font-family: 'arial black', sans-serif\"><strong><span style=\"font-size: 14pt\">Nouveau Planning des examens <span style=\"color: #ff0000\">semestre 4<\/span> aux \u00e9tudiants de <span style=\"color: #0000ff\">2\u00e8me Ann\u00e9e LMD\u00a0<\/span><\/span><\/strong><\/span><\/a><\/span><\/p>\n<p class=\"post-title entry-title\"><span style=\"color: #000000\"><span style=\"font-family: 'arial black', sans-serif\"><strong><span style=\"font-size: 14pt\"><span style=\"font-size: 14pt;font-family: 'arial black', sans-serif;color: #000000\"><span style=\"font-family: 'arial black', sans-serif;color: #000000\"><strong style=\"color: #000000;font-family: 'arial black', sans-serif;font-size: 14pt\"><img decoding=\"async\" class=\"alignnone size-full wp-image-31467\" src=\"http:\/\/fsecsg.ummto.dz\/wp-content\/uploads\/2020\/12\/rubon7903-ed895.gif\" alt=\"\" width=\"55\" height=\"55\" srcset=\"https:\/\/www.ummto.dz\/fsecsg\/wp-content\/uploads\/2020\/12\/rubon7903-ed895.gif 55w, https:\/\/www.ummto.dz\/fsecsg\/wp-content\/uploads\/2020\/12\/rubon7903-ed895-45x45.gif 45w\" sizes=\"(max-width: 55px) 100vw, 55px\" \/><\/strong><\/span><\/span><\/span><\/strong><\/span><a style=\"color: #000000\" href=\"http:\/\/fsecsg.ummto.dz\/wp-content\/uploads\/2021\/07\/2eme-s3.pdf\"><span style=\"font-family: 'arial black', sans-serif\"><strong><span style=\"font-size: 14pt\">Planning des examens <span style=\"color: #ff0000\">semestre 3<\/span> aux \u00e9tudiants de <span style=\"color: #0000ff\">2\u00e8me Ann\u00e9e LMD<\/span> du <span style=\"color: #ff0000\">Mercredi 07\/07\/2021<\/span> au <span style=\"color: #ff0000\">Lundi 12\/07\/2021.<\/span><\/span><\/strong><\/span><\/a><\/span><\/p>\n<p><strong>\u00a0<\/strong><\/p>\n<p><b><span style=\"color: #000000\"><span style=\"font-family: 'arial black', sans-serif\"><strong><span style=\"font-size: 14pt\"><img decoding=\"async\" class=\"wp-image-24431 alignleft\" src=\"http:\/\/fsecsg.ummto.dz\/wp-content\/uploads\/2020\/09\/telechargement-1-300x162.jpg\" alt=\"\" width=\"148\" height=\"80\" srcset=\"https:\/\/www.ummto.dz\/fsecsg\/wp-content\/uploads\/2020\/09\/telechargement-1-300x162.jpg 300w, https:\/\/www.ummto.dz\/fsecsg\/wp-content\/uploads\/2020\/09\/telechargement-1.jpg 306w\" sizes=\"(max-width: 148px) 100vw, 148px\" \/><\/span><\/strong><\/span><a style=\"color: #000000\" href=\"http:\/\/fsecsg.ummto.dz\/wp-content\/uploads\/2021\/06\/Examen-de-dette-intro-a-la-socio.pdf\"><span style=\"font-size: 14pt;font-family: 'arial black', sans-serif\"><span style=\"color: #ff0000\">L&rsquo;examen de dette<\/span><\/span><span style=\"font-size: 14pt;font-family: 'arial black', sans-serif\"><span style=\"color: #0000ff\"> module Introduction \u00e0 la sociologie<\/span> destin\u00e9 aux \u00e9tudiants de <span style=\"color: #0000ff\">2\u00e9me ann\u00e9e<\/span> et<span style=\"color: #0000ff\"> 3\u00e9me ann\u00e9e (CI,CIL et Mark<\/span>) ayant des <span style=\"color: #ff0000\">dettes<\/span><\/span><\/a><\/span><\/b><b><span style=\"color: #000000\"><a style=\"color: #000000\" href=\"http:\/\/fsecsg.ummto.dz\/wp-content\/uploads\/2021\/06\/Examen-de-dette-intro-a-la-socio.pdf\"><span style=\"font-size: 14pt;font-family: 'arial black', sans-serif\"><span style=\"color: #ff0000\">\u00a0<\/span>de <span style=\"color: #0000ff\">1\u00e9re ann\u00e9e.<\/span> les r\u00e9ponses sont \u00e0 d\u00e9poser au niveau du service enseignement et examens du d\u00e9partement SC avant le <span style=\"color: #ff0000\">Dimanche 04 \/07\/ 2021<\/span>.\u00a0<\/span><\/a><\/span><\/b><\/p>\n<p><b><span style=\"color: #000000\"><span style=\"font-family: 'arial black', sans-serif\"><strong><span style=\"font-size: 14pt\"><img decoding=\"async\" class=\"wp-image-24431 alignleft\" src=\"http:\/\/fsecsg.ummto.dz\/wp-content\/uploads\/2020\/09\/telechargement-1-300x162.jpg\" alt=\"\" width=\"148\" height=\"80\" srcset=\"https:\/\/www.ummto.dz\/fsecsg\/wp-content\/uploads\/2020\/09\/telechargement-1-300x162.jpg 300w, https:\/\/www.ummto.dz\/fsecsg\/wp-content\/uploads\/2020\/09\/telechargement-1.jpg 306w\" sizes=\"(max-width: 148px) 100vw, 148px\" \/><\/span><\/strong><\/span><a style=\"color: #000000\" href=\"http:\/\/fsecsg.ummto.dz\/wp-content\/uploads\/2021\/06\/examen-de-dette-SOCIOLOGIE-DES-ORG.pdf\"><span style=\"font-size: 14pt;font-family: 'arial black', sans-serif;color: #ff0000\">L&rsquo;examen de dette<\/span><span style=\"font-size: 14pt;font-family: 'arial black', sans-serif\"><span style=\"color: #0000ff\"> module sociologie des organisations<\/span> destin\u00e9 aux \u00e9tudiants de <span style=\"color: #0000ff\">2\u00e9me ann\u00e9e<\/span> et <span style=\"color: #0000ff\">3\u00e9me ann\u00e9e (CI,CIL et Mark)<\/span> ayant des <span style=\"color: #ff0000\">dettes<\/span> de <span style=\"color: #0000ff\">1\u00e9re ann\u00e9e<\/span>. les r\u00e9ponses sont \u00e0 d\u00e9poser au niveau du service enseignement et examens du d\u00e9partement SC avant le <span style=\"color: #0000ff\">Dimanche 04 \/07\/ 2021<\/span>.\u00a0<\/span><\/a><\/span><\/b><\/p>\n<p><b><span style=\"color: #000000\"><span style=\"font-family: 'arial black', sans-serif\"><strong><span style=\"font-size: 14pt\"><img decoding=\"async\" class=\"wp-image-24431 alignleft\" src=\"http:\/\/fsecsg.ummto.dz\/wp-content\/uploads\/2020\/09\/telechargement-1-300x162.jpg\" alt=\"\" width=\"148\" height=\"80\" srcset=\"https:\/\/www.ummto.dz\/fsecsg\/wp-content\/uploads\/2020\/09\/telechargement-1-300x162.jpg 300w, https:\/\/www.ummto.dz\/fsecsg\/wp-content\/uploads\/2020\/09\/telechargement-1.jpg 306w\" sizes=\"(max-width: 148px) 100vw, 148px\" \/><\/span><\/strong><\/span><a style=\"color: #000000\" href=\"http:\/\/fsecsg.ummto.dz\/wp-content\/uploads\/2021\/06\/sujet-dette-methodologie.pdf\"><span style=\"font-size: 14pt;font-family: 'arial black', sans-serif;color: #ff0000\">L&rsquo;examen de dette<\/span><span style=\"font-size: 14pt;font-family: 'arial black', sans-serif\"><span style=\"color: #0000ff\"> module M\u00e9thodologie<\/span> destin\u00e9 aux \u00e9tudiants de <span style=\"color: #0000ff\">2\u00e9me ann\u00e9e et 3\u00e9me ann\u00e9e (CI,CIL et Mark) <\/span>ayant des dettes de <span style=\"color: #0000ff\">1\u00e9re ann\u00e9e<\/span>. les r\u00e9ponses sont \u00e0 d\u00e9poser au niveau du service enseignement et examens du d\u00e9partement SC avant le <span style=\"color: #ff0000\">Dimanche 04 \/07\/ 2021.<\/span>\u00a0<\/span><\/a><\/span><\/b><\/p>\n<p>&nbsp;<\/p>\n<p><b><span style=\"color: #000000\"><span style=\"font-family: 'arial black', sans-serif\"><strong><span style=\"font-size: 14pt\"><img decoding=\"async\" class=\"wp-image-24431 alignleft\" src=\"http:\/\/fsecsg.ummto.dz\/wp-content\/uploads\/2020\/09\/telechargement-1-300x162.jpg\" alt=\"\" width=\"148\" height=\"80\" srcset=\"https:\/\/www.ummto.dz\/fsecsg\/wp-content\/uploads\/2020\/09\/telechargement-1-300x162.jpg 300w, https:\/\/www.ummto.dz\/fsecsg\/wp-content\/uploads\/2020\/09\/telechargement-1.jpg 306w\" sizes=\"(max-width: 148px) 100vw, 148px\" \/><\/span><\/strong><\/span><a style=\"color: #000000\" href=\"http:\/\/fsecsg.ummto.dz\/wp-content\/uploads\/2021\/06\/Module-Introduction-au-Management.pdf\"><span style=\"font-size: 14pt;font-family: 'arial black', sans-serif\"><span style=\"color: #ff0000\">L&rsquo;examen de dette<\/span><\/span><span style=\"font-size: 14pt;font-family: 'arial black', sans-serif\"><span style=\"color: #0000ff\"> module Introduction au Management<\/span> destin\u00e9 aux \u00e9tudiants de <span style=\"color: #0000ff\">2\u00e9me ann\u00e9e et 3\u00e9me ann\u00e9e (CI,CIL et Mark)<\/span> ayant des <span style=\"color: #ff0000\">dettes<\/span> de <span style=\"color: #ff0000\">1\u00e9re ann\u00e9e<\/span>. les r\u00e9ponses sont \u00e0 d\u00e9poser au niveau du service enseignement et examens du d\u00e9partement SC avant le <span style=\"color: #ff0000\">Dimanche 04 \/07\/ 2021<\/span>.\u00a0<\/span><\/a><\/span><\/b><\/p>\n<p><b> <span style=\"color: #000000\"><span style=\"font-family: 'arial black', sans-serif\"><strong><span style=\"font-size: 14pt\"><img decoding=\"async\" class=\"wp-image-24431 alignleft\" src=\"http:\/\/fsecsg.ummto.dz\/wp-content\/uploads\/2020\/09\/telechargement-1-300x162.jpg\" alt=\"\" width=\"148\" height=\"80\" srcset=\"https:\/\/www.ummto.dz\/fsecsg\/wp-content\/uploads\/2020\/09\/telechargement-1-300x162.jpg 300w, https:\/\/www.ummto.dz\/fsecsg\/wp-content\/uploads\/2020\/09\/telechargement-1.jpg 306w\" sizes=\"(max-width: 148px) 100vw, 148px\" \/><\/span><\/strong><\/span><a style=\"color: #000000\" href=\"http:\/\/fsecsg.ummto.dz\/wp-content\/uploads\/2021\/06\/Introduction-a-leconomie.pdf\"><span style=\"font-size: 14pt;font-family: 'arial black', sans-serif\"><span style=\"color: #ff0000\">L&rsquo;examen de dette<\/span><\/span><span style=\"font-size: 14pt;font-family: 'arial black', sans-serif\"><span style=\"color: #0000ff\"> module Introduction au Droit<\/span>\u00a0destin\u00e9 aux \u00e9tudiants de <span style=\"color: #0000ff\">2\u00e9me ann\u00e9e et 3\u00e9me ann\u00e9e (CI,CIL et Mark)<\/span> ayant des <span style=\"color: #ff0000\">dettes <\/span>de <span style=\"color: #0000ff\">1\u00e9re ann\u00e9e<\/span>. les r\u00e9ponses sont \u00e0 d\u00e9poser au niveau du service enseignement et examens du d\u00e9partement SC avant le <span style=\"color: #ff0000\">Dimanche 04 \/07\/ 2021.<\/span>\u00a0<\/span><\/a><\/span><\/b><\/p>\n<p><b> <span style=\"color: #000000\"><span style=\"font-family: 'arial black', sans-serif\"><strong><span style=\"font-size: 14pt\"><img decoding=\"async\" class=\"wp-image-24431 alignleft\" src=\"http:\/\/fsecsg.ummto.dz\/wp-content\/uploads\/2020\/09\/telechargement-1-300x162.jpg\" alt=\"\" width=\"148\" height=\"80\" srcset=\"https:\/\/www.ummto.dz\/fsecsg\/wp-content\/uploads\/2020\/09\/telechargement-1-300x162.jpg 300w, https:\/\/www.ummto.dz\/fsecsg\/wp-content\/uploads\/2020\/09\/telechargement-1.jpg 306w\" sizes=\"(max-width: 148px) 100vw, 148px\" \/><\/span><\/strong><\/span><a href=\"http:\/\/fsecsg.ummto.dz\/wp-content\/uploads\/2021\/06\/Droit-Commerciale.pdf\"><span style=\"font-size: 14pt;font-family: 'arial black', sans-serif\"><span style=\"color: #ff0000\"><span style=\"color: #000000\"><span style=\"color: #ff0000\">L&rsquo;examen de dette<\/span><\/span><\/span><span style=\"color: #000000\"><span style=\"color: #0000ff\"> module Droit Commerciale<\/span> destin\u00e9 aux \u00e9tudiants de<span style=\"color: #0000ff\"> 2\u00e9me ann\u00e9e et 3\u00e9me ann\u00e9e (CI,CIL et Mark)<\/span> ayant des <span style=\"color: #ff0000\">dettes <\/span>de <span style=\"color: #008080\">1\u00e9re ann\u00e9e<\/span>. les r\u00e9ponses sont \u00e0 d\u00e9poser au niveau du service enseignement et examens du d\u00e9partement SC avant le <span style=\"color: #ff0000\">Dimanche 04 \/07\/ 2021.\u00a0<\/span><\/span><\/span><\/a><\/span><\/b><\/p>\n<p>&nbsp;<\/p>\n<p><b> <span style=\"color: #000000\"><span style=\"font-family: 'arial black', sans-serif\"><strong><span style=\"font-size: 14pt\"><img decoding=\"async\" class=\"wp-image-24431 alignleft\" src=\"http:\/\/fsecsg.ummto.dz\/wp-content\/uploads\/2020\/09\/telechargement-1-300x162.jpg\" alt=\"\" width=\"148\" height=\"80\" srcset=\"https:\/\/www.ummto.dz\/fsecsg\/wp-content\/uploads\/2020\/09\/telechargement-1-300x162.jpg 300w, https:\/\/www.ummto.dz\/fsecsg\/wp-content\/uploads\/2020\/09\/telechargement-1.jpg 306w\" sizes=\"(max-width: 148px) 100vw, 148px\" \/><\/span><\/strong><\/span><span style=\"font-size: 14pt;font-family: 'arial black', sans-serif\"><a style=\"color: #000000\" href=\"http:\/\/fsecsg.ummto.dz\/wp-content\/uploads\/2021\/06\/dette-intro.pdf\"><span style=\"color: #ff0000\">L&rsquo;examen de dette<\/span> <span style=\"color: #0000ff\">module introduction \u00e0 l&rsquo;\u00e9conomie<\/span><\/a> <a style=\"color: #000000\" href=\"http:\/\/fsecsg.ummto.dz\/wp-content\/uploads\/2021\/06\/dette-intro.pdf\">destin\u00e9 aux \u00e9tudiants de <span style=\"color: #0000ff\">2\u00e9me ann\u00e9e et 3\u00e9me ann\u00e9e (CI,CIL et Mark) <\/span>ayant des <span style=\"color: #ff0000\">dettes<\/span> de <span style=\"color: #0000ff\">1\u00e9re ann\u00e9e<\/span>. les r\u00e9ponses sont \u00e0 d\u00e9poser au niveau du service enseignement et examens du d\u00e9partement SC avant le<span style=\"color: #ff0000\"> Mardi<\/span> <span style=\"color: #ff0000\">22 Juin 2021<\/span>.\u00a0<\/a><\/span><\/span><\/b><\/p>\n<p><span style=\"color: #000000\"><span style=\"font-family: 'arial black', sans-serif\"><strong><span style=\"font-size: 14pt\"><img decoding=\"async\" class=\"wp-image-24431 alignleft\" src=\"http:\/\/fsecsg.ummto.dz\/wp-content\/uploads\/2020\/09\/telechargement-1-300x162.jpg\" alt=\"\" width=\"148\" height=\"80\" srcset=\"https:\/\/www.ummto.dz\/fsecsg\/wp-content\/uploads\/2020\/09\/telechargement-1-300x162.jpg 300w, https:\/\/www.ummto.dz\/fsecsg\/wp-content\/uploads\/2020\/09\/telechargement-1.jpg 306w\" sizes=\"(max-width: 148px) 100vw, 148px\" \/><\/span><\/strong><\/span><a style=\"color: #000000\" href=\"http:\/\/fsecsg.ummto.dz\/wp-content\/uploads\/2021\/06\/examen-de-dettes-L11.pdf\"><span style=\"font-family: 'arial black', sans-serif\"><strong><span style=\"font-size: 14pt\"><span style=\"color: #ff0000\">Examen de dettes<\/span> <span style=\"color: #0000ff\">Module Anglais semestre 1<\/span> de <span style=\"color: #008080\">1\u00e8re Ann\u00e9e LMD<\/span> concern\u00e9s par les de <span style=\"color: #ff0000\">2\u00e8me Ann\u00e9e et 3\u00e8me Ann\u00e9e LMD<\/span> ayant des <span style=\"color: #ff0000\">dettes<\/span> (\u00e0 remettre pour le <span style=\"color: #ff0000\">Dimanche 27\/06\/2021<\/span> au niveau secr\u00e9tariat du d\u00e9partement SC)<\/span><\/strong><\/span><\/a><\/span><\/p>\n<p>&nbsp;<\/p>\n<p><span style=\"color: #000000\"><span style=\"font-family: 'arial black', sans-serif\"><strong><span style=\"font-size: 14pt\"><img decoding=\"async\" class=\"wp-image-24431 alignleft\" src=\"http:\/\/fsecsg.ummto.dz\/wp-content\/uploads\/2020\/09\/telechargement-1-300x162.jpg\" alt=\"\" width=\"148\" height=\"80\" srcset=\"https:\/\/www.ummto.dz\/fsecsg\/wp-content\/uploads\/2020\/09\/telechargement-1-300x162.jpg 300w, https:\/\/www.ummto.dz\/fsecsg\/wp-content\/uploads\/2020\/09\/telechargement-1.jpg 306w\" sizes=\"(max-width: 148px) 100vw, 148px\" \/><\/span><\/strong><\/span><a href=\"http:\/\/fsecsg.ummto.dz\/wp-content\/uploads\/2021\/06\/EXAMEN-DETTES-S23.pdf\"><span style=\"font-family: 'arial black', sans-serif\"><strong><span style=\"font-size: 14pt\"><span style=\"color: #ff0000\"><span style=\"color: #000000\">Examen de dettes <\/span><\/span><\/span><\/strong><\/span><span style=\"color: #000000\"><span style=\"font-family: 'arial black', sans-serif\"><strong><span style=\"font-size: 14pt\">Module Anglais semestre 2 de 1\u00e8re Ann\u00e9e LMD concern\u00e9s par les de 2\u00e8me Ann\u00e9e et 3\u00e8me Ann\u00e9e LMD ayant des dettes (\u00e0 remettre pour le Mardi 22\/06\/2021<\/span><\/strong><\/span><span style=\"font-family: 'arial black', sans-serif\"><strong><span style=\"font-size: 14pt\"> au niveau Service des enseignements et examens.<\/span><\/strong><\/span><\/span><\/a><\/span><\/p>\n<p class=\"post-title entry-title\"><span style=\"font-family: 'arial black', sans-serif;color: #000000\"><strong><span style=\"font-size: 14pt\"> <span style=\"color: #000000\"><span style=\"font-size: 14pt;font-family: 'arial black', sans-serif\"><span style=\"font-family: 'arial black', sans-serif\"><span style=\"font-size: 14pt;font-family: 'arial black', sans-serif;color: #000000\"><strong style=\"color: #000000;font-family: 'arial black', sans-serif;font-size: 14pt\"><img decoding=\"async\" class=\"alignnone size-full wp-image-31467\" src=\"http:\/\/fsecsg.ummto.dz\/wp-content\/uploads\/2020\/12\/rubon7903-ed895.gif\" alt=\"\" width=\"55\" height=\"55\" srcset=\"https:\/\/www.ummto.dz\/fsecsg\/wp-content\/uploads\/2020\/12\/rubon7903-ed895.gif 55w, https:\/\/www.ummto.dz\/fsecsg\/wp-content\/uploads\/2020\/12\/rubon7903-ed895-45x45.gif 45w\" sizes=\"(max-width: 55px) 100vw, 55px\" \/><a style=\"color: #000000\" href=\"http:\/\/fsecsg.ummto.dz\/wp-content\/uploads\/2021\/06\/Planning-des-examens-rattrapage-S3_L2-2021.pdf\">Planning <\/a><\/strong><\/span><\/span><\/span><a style=\"color: #000000\" href=\"http:\/\/fsecsg.ummto.dz\/wp-content\/uploads\/2021\/06\/Planning-des-examens-rattrapage-S3_L2-2021.pdf\">des examens <span style=\"color: #ff0000\">semestre 3<\/span> aux \u00e9tudiants de <span style=\"color: #0000ff\">2\u00e8me Ann\u00e9e LMD Section A et B<\/span>\u00a0du <span style=\"color: #ff0000\">Samedi 19\/06\/2021<\/span> au <span style=\"color: #ff0000\">Jeudi 01\/07\/2021<\/span>.<\/a><\/span><\/span><\/strong><\/span><\/p>\n<p class=\"post-title entry-title\"><span style=\"font-family: 'arial black', sans-serif;color: #000000\"><strong><span style=\"font-size: 14pt\"> <span style=\"color: #000000\"><span style=\"font-size: 14pt;font-family: 'arial black', sans-serif\"><span style=\"font-family: 'arial black', sans-serif\"><span style=\"font-size: 14pt;font-family: 'arial black', sans-serif;color: #000000\"><strong style=\"color: #000000;font-family: 'arial black', sans-serif;font-size: 14pt\"><img decoding=\"async\" class=\"alignnone size-full wp-image-31467\" src=\"http:\/\/fsecsg.ummto.dz\/wp-content\/uploads\/2020\/12\/rubon7903-ed895.gif\" alt=\"\" width=\"55\" height=\"55\" srcset=\"https:\/\/www.ummto.dz\/fsecsg\/wp-content\/uploads\/2020\/12\/rubon7903-ed895.gif 55w, https:\/\/www.ummto.dz\/fsecsg\/wp-content\/uploads\/2020\/12\/rubon7903-ed895-45x45.gif 45w\" sizes=\"(max-width: 55px) 100vw, 55px\" \/><\/strong><\/span><\/span><\/span><a style=\"color: #000000\" href=\"http:\/\/fsecsg.ummto.dz\/wp-content\/uploads\/2021\/06\/Planning-des-examens-rattrapage-S3-L2-dettes-2021-1.pdf\">Planning des examens de <span style=\"color: #ff0000\">dettes<\/span> de <span style=\"color: #0000ff\">2\u00e8me Ann\u00e9e LMD<\/span> aux \u00e9tudiants de <span style=\"color: #0000ff\">3\u00e8me Ann\u00e9e LMD (CI,CIL et Mark)<\/span> concern\u00e9s du <span style=\"color: #ff0000\">Samedi 19\/06\/2021<\/span> au <span style=\"color: #ff0000\">Jeudi 01\/07\/2021.<\/span><\/a><\/span><\/span><\/strong><\/span><\/p>\n","protected":false},"excerpt":{"rendered":"<p>Planning des examens de dettes 2\u00e8me session S3 et S4\u00a0 L2 Avis aux \u00e9tudiants de 2\u00e8me ann\u00e9e\u00a0sciences commerciales:Les examens de rattrapage sont programmes \u00e0 11h00 au lieu de 10h00,m\u00eames lieux. Examen de rattrapage aux \u00e9tudiants de 2\u00e8me ann\u00e9e LMD Section B Module Anglais (le d\u00e9lai de d\u00e9p\u00f4t est fix\u00e9 pour le 12\/10\/2021 \u00e0 12h00 \u00e0 [&hellip;]<\/p>\n","protected":false},"author":1,"featured_media":0,"parent":0,"menu_order":0,"comment_status":"closed","ping_status":"closed","template":"","meta":{"_et_pb_use_builder":"","_et_pb_old_content":"","_et_gb_content_width":"","footnotes":""},"class_list":["post-41230","page","type-page","status-publish","hentry"],"yoast_head":"<!-- This site is optimized with the Yoast SEO plugin v27.3 - https:\/\/yoast.com\/product\/yoast-seo-wordpress\/ -->\n<title>20 - Facult\u00e9 des Sciences Economiques, Commerciales et des Sciences de Gestion<\/title>\n<meta name=\"robots\" content=\"index, follow, max-snippet:-1, max-image-preview:large, max-video-preview:-1\" \/>\n<link rel=\"canonical\" href=\"https:\/\/www.ummto.dz\/fsecsg\/20-2\/\" \/>\n<meta property=\"og:locale\" content=\"fr_FR\" \/>\n<meta property=\"og:type\" content=\"article\" \/>\n<meta property=\"og:title\" content=\"20 - Facult\u00e9 des Sciences Economiques, Commerciales et des Sciences de Gestion\" \/>\n<meta property=\"og:description\" content=\"Planning des examens de dettes 2\u00e8me session S3 et S4\u00a0 L2 Avis aux \u00e9tudiants de 2\u00e8me ann\u00e9e\u00a0sciences commerciales:Les examens de rattrapage sont programmes \u00e0 11h00 au lieu de 10h00,m\u00eames lieux. Examen de rattrapage aux \u00e9tudiants de 2\u00e8me ann\u00e9e LMD Section B Module Anglais (le d\u00e9lai de d\u00e9p\u00f4t est fix\u00e9 pour le 12\/10\/2021 \u00e0 12h00 \u00e0 [&hellip;]\" \/>\n<meta property=\"og:url\" content=\"https:\/\/www.ummto.dz\/fsecsg\/20-2\/\" \/>\n<meta property=\"og:site_name\" content=\"Facult\u00e9 des Sciences Economiques, Commerciales et des Sciences de Gestion\" \/>\n<meta property=\"article:modified_time\" content=\"2021-11-01T11:54:58+00:00\" \/>\n<meta property=\"og:image\" content=\"http:\/\/fsecsg.ummto.dz\/wp-content\/uploads\/2020\/12\/rubon7903-ed895.gif\" \/>\n<meta name=\"twitter:card\" content=\"summary_large_image\" \/>\n<meta name=\"twitter:label1\" content=\"Dur\u00e9e de lecture estim\u00e9e\" \/>\n\t<meta name=\"twitter:data1\" content=\"6 minutes\" \/>\n<script type=\"application\/ld+json\" class=\"yoast-schema-graph\">{\"@context\":\"https:\\\/\\\/schema.org\",\"@graph\":[{\"@type\":\"WebPage\",\"@id\":\"https:\\\/\\\/www.ummto.dz\\\/fsecsg\\\/20-2\\\/\",\"url\":\"https:\\\/\\\/www.ummto.dz\\\/fsecsg\\\/20-2\\\/\",\"name\":\"20 - Facult\u00e9 des Sciences Economiques, Commerciales et des Sciences de Gestion\",\"isPartOf\":{\"@id\":\"https:\\\/\\\/www.ummto.dz\\\/fsecsg\\\/#website\"},\"primaryImageOfPage\":{\"@id\":\"https:\\\/\\\/www.ummto.dz\\\/fsecsg\\\/20-2\\\/#primaryimage\"},\"image\":{\"@id\":\"https:\\\/\\\/www.ummto.dz\\\/fsecsg\\\/20-2\\\/#primaryimage\"},\"thumbnailUrl\":\"http:\\\/\\\/fsecsg.ummto.dz\\\/wp-content\\\/uploads\\\/2020\\\/12\\\/rubon7903-ed895.gif\",\"datePublished\":\"2021-06-13T17:04:21+00:00\",\"dateModified\":\"2021-11-01T11:54:58+00:00\",\"breadcrumb\":{\"@id\":\"https:\\\/\\\/www.ummto.dz\\\/fsecsg\\\/20-2\\\/#breadcrumb\"},\"inLanguage\":\"fr-FR\",\"potentialAction\":[{\"@type\":\"ReadAction\",\"target\":[\"https:\\\/\\\/www.ummto.dz\\\/fsecsg\\\/20-2\\\/\"]}]},{\"@type\":\"ImageObject\",\"inLanguage\":\"fr-FR\",\"@id\":\"https:\\\/\\\/www.ummto.dz\\\/fsecsg\\\/20-2\\\/#primaryimage\",\"url\":\"http:\\\/\\\/fsecsg.ummto.dz\\\/wp-content\\\/uploads\\\/2020\\\/12\\\/rubon7903-ed895.gif\",\"contentUrl\":\"http:\\\/\\\/fsecsg.ummto.dz\\\/wp-content\\\/uploads\\\/2020\\\/12\\\/rubon7903-ed895.gif\"},{\"@type\":\"BreadcrumbList\",\"@id\":\"https:\\\/\\\/www.ummto.dz\\\/fsecsg\\\/20-2\\\/#breadcrumb\",\"itemListElement\":[{\"@type\":\"ListItem\",\"position\":1,\"name\":\"Accueil\",\"item\":\"https:\\\/\\\/www.ummto.dz\\\/fsecsg\\\/\"},{\"@type\":\"ListItem\",\"position\":2,\"name\":\"20\"}]},{\"@type\":\"WebSite\",\"@id\":\"https:\\\/\\\/www.ummto.dz\\\/fsecsg\\\/#website\",\"url\":\"https:\\\/\\\/www.ummto.dz\\\/fsecsg\\\/\",\"name\":\"Facult\u00e9 des Sciences Economiques, Commerciales et des Sciences de Gestion\",\"description\":\"Universit\u00e9 Mouloud Mammeri de Tizi Ouzou\",\"potentialAction\":[{\"@type\":\"SearchAction\",\"target\":{\"@type\":\"EntryPoint\",\"urlTemplate\":\"https:\\\/\\\/www.ummto.dz\\\/fsecsg\\\/?s={search_term_string}\"},\"query-input\":{\"@type\":\"PropertyValueSpecification\",\"valueRequired\":true,\"valueName\":\"search_term_string\"}}],\"inLanguage\":\"fr-FR\"}]}<\/script>\n<!-- \/ Yoast SEO plugin. -->","yoast_head_json":{"title":"20 - Facult\u00e9 des Sciences Economiques, Commerciales et des Sciences de Gestion","robots":{"index":"index","follow":"follow","max-snippet":"max-snippet:-1","max-image-preview":"max-image-preview:large","max-video-preview":"max-video-preview:-1"},"canonical":"https:\/\/www.ummto.dz\/fsecsg\/20-2\/","og_locale":"fr_FR","og_type":"article","og_title":"20 - Facult\u00e9 des Sciences Economiques, Commerciales et des Sciences de Gestion","og_description":"Planning des examens de dettes 2\u00e8me session S3 et S4\u00a0 L2 Avis aux \u00e9tudiants de 2\u00e8me ann\u00e9e\u00a0sciences commerciales:Les examens de rattrapage sont programmes \u00e0 11h00 au lieu de 10h00,m\u00eames lieux. Examen de rattrapage aux \u00e9tudiants de 2\u00e8me ann\u00e9e LMD Section B Module Anglais (le d\u00e9lai de d\u00e9p\u00f4t est fix\u00e9 pour le 12\/10\/2021 \u00e0 12h00 \u00e0 [&hellip;]","og_url":"https:\/\/www.ummto.dz\/fsecsg\/20-2\/","og_site_name":"Facult\u00e9 des Sciences Economiques, Commerciales et des Sciences de Gestion","article_modified_time":"2021-11-01T11:54:58+00:00","og_image":[{"url":"http:\/\/fsecsg.ummto.dz\/wp-content\/uploads\/2020\/12\/rubon7903-ed895.gif","type":"","width":"","height":""}],"twitter_card":"summary_large_image","twitter_misc":{"Dur\u00e9e de lecture estim\u00e9e":"6 minutes"},"schema":{"@context":"https:\/\/schema.org","@graph":[{"@type":"WebPage","@id":"https:\/\/www.ummto.dz\/fsecsg\/20-2\/","url":"https:\/\/www.ummto.dz\/fsecsg\/20-2\/","name":"20 - Facult\u00e9 des Sciences Economiques, Commerciales et des Sciences de Gestion","isPartOf":{"@id":"https:\/\/www.ummto.dz\/fsecsg\/#website"},"primaryImageOfPage":{"@id":"https:\/\/www.ummto.dz\/fsecsg\/20-2\/#primaryimage"},"image":{"@id":"https:\/\/www.ummto.dz\/fsecsg\/20-2\/#primaryimage"},"thumbnailUrl":"http:\/\/fsecsg.ummto.dz\/wp-content\/uploads\/2020\/12\/rubon7903-ed895.gif","datePublished":"2021-06-13T17:04:21+00:00","dateModified":"2021-11-01T11:54:58+00:00","breadcrumb":{"@id":"https:\/\/www.ummto.dz\/fsecsg\/20-2\/#breadcrumb"},"inLanguage":"fr-FR","potentialAction":[{"@type":"ReadAction","target":["https:\/\/www.ummto.dz\/fsecsg\/20-2\/"]}]},{"@type":"ImageObject","inLanguage":"fr-FR","@id":"https:\/\/www.ummto.dz\/fsecsg\/20-2\/#primaryimage","url":"http:\/\/fsecsg.ummto.dz\/wp-content\/uploads\/2020\/12\/rubon7903-ed895.gif","contentUrl":"http:\/\/fsecsg.ummto.dz\/wp-content\/uploads\/2020\/12\/rubon7903-ed895.gif"},{"@type":"BreadcrumbList","@id":"https:\/\/www.ummto.dz\/fsecsg\/20-2\/#breadcrumb","itemListElement":[{"@type":"ListItem","position":1,"name":"Accueil","item":"https:\/\/www.ummto.dz\/fsecsg\/"},{"@type":"ListItem","position":2,"name":"20"}]},{"@type":"WebSite","@id":"https:\/\/www.ummto.dz\/fsecsg\/#website","url":"https:\/\/www.ummto.dz\/fsecsg\/","name":"Facult\u00e9 des Sciences Economiques, Commerciales et des Sciences de Gestion","description":"Universit\u00e9 Mouloud Mammeri de Tizi Ouzou","potentialAction":[{"@type":"SearchAction","target":{"@type":"EntryPoint","urlTemplate":"https:\/\/www.ummto.dz\/fsecsg\/?s={search_term_string}"},"query-input":{"@type":"PropertyValueSpecification","valueRequired":true,"valueName":"search_term_string"}}],"inLanguage":"fr-FR"}]}},"_links":{"self":[{"href":"https:\/\/www.ummto.dz\/fsecsg\/wp-json\/wp\/v2\/pages\/41230","targetHints":{"allow":["GET"]}}],"collection":[{"href":"https:\/\/www.ummto.dz\/fsecsg\/wp-json\/wp\/v2\/pages"}],"about":[{"href":"https:\/\/www.ummto.dz\/fsecsg\/wp-json\/wp\/v2\/types\/page"}],"author":[{"embeddable":true,"href":"https:\/\/www.ummto.dz\/fsecsg\/wp-json\/wp\/v2\/users\/1"}],"replies":[{"embeddable":true,"href":"https:\/\/www.ummto.dz\/fsecsg\/wp-json\/wp\/v2\/comments?post=41230"}],"version-history":[{"count":25,"href":"https:\/\/www.ummto.dz\/fsecsg\/wp-json\/wp\/v2\/pages\/41230\/revisions"}],"predecessor-version":[{"id":47465,"href":"https:\/\/www.ummto.dz\/fsecsg\/wp-json\/wp\/v2\/pages\/41230\/revisions\/47465"}],"wp:attachment":[{"href":"https:\/\/www.ummto.dz\/fsecsg\/wp-json\/wp\/v2\/media?parent=41230"}],"curies":[{"name":"wp","href":"https:\/\/api.w.org\/{rel}","templated":true}]}}